{"id":30,"date":"2024-09-06T15:26:37","date_gmt":"2024-09-06T15:26:37","guid":{"rendered":"https:\/\/stlcc.gob.hn\/?page_id=30"},"modified":"2026-02-10T15:05:46","modified_gmt":"2026-02-10T15:05:46","slug":"acerca-de","status":"publish","type":"page","link":"https:\/\/stlcc.gob.hn\/?page_id=30","title":{"rendered":"Acerca de"},"content":{"rendered":"\n<p class=\"has-text-align-center has-white-color has-text-color\" style=\"font-size:clamp(37.821px, 2.364rem + ((1vw - 3.2px) * 3.352), 70px);font-style:normal;font-weight:900\"><\/p>\n\n\n\n<div class=\"wp-block-cover alignfull is-light has-parallax texto-justificado2\" style=\"min-height:400px;aspect-ratio:unset;\"><div class=\"wp-block-cover__image-background wp-image-1211 has-parallax\" style=\"background-position:50% 50%;background-image:url(https:\/\/stlcc.gob.hn\/wp-content\/uploads\/2024\/09\/Sin-titulo-17-01.jpg)\"><\/div><span aria-hidden=\"true\" class=\"wp-block-cover__background has-background-dim-0 has-background-dim\" style=\"background-color:#f5f5f5\"><\/span><div class=\"wp-block-cover__inner-container is-layout-flow wp-block-cover-is-layout-flow\">\n<div style=\"height:80px\" aria-hidden=\"true\" class=\"wp-block-spacer\"><\/div>\n\n\n\n<h1 class=\"wp-block-heading has-text-align-center titulo-personalizado has-text-color has-large-font-size\" style=\"color:#fffffa; text-transform:none; font-size: 4em !important;\">\n    <mark style=\"background-color:rgba(0, 0, 0, 0);color:#273b7e\" class=\"has-inline-color\">\n        Antecedentes\n    <\/mark>\n<\/h1>\n<!-- L\u00ednea separadora con degradado -->\n<div class=\"separator-line-roja\"><\/div><br>\n\n<div class=\"reusable-content-box-antecedentes\">\n<p class=\"has-text-align-center has-text-color has-link-color\" style=\"color:#949699\"><span class=\"letras-rojo\">La Presidenta de la Rep\u00fablica<\/span>, en el ejercicio de sus competencias constitucionales, aprob\u00f3 en<br>Consejo de Secretarios de Estado el Decreto Ejecutivo <span class=\"letras-azul\"><strong>PCM 05-2022<\/strong><\/span>, por el cual, en su art\u00edculo<br>1, cre\u00f3 la Secretar\u00eda de Estado en los Despachos de Transparencia y Lucha Contra la Corrupci\u00f3n<br>(STLCC), que tiene la finalidad de prevenir y combatir el flagelo de la corrupci\u00f3n en el ejercicio de<br>la funci\u00f3n p\u00fablica y privada en apego a las directrices de la Presidencia de la Rep\u00fablica, en su<br>agenda gubernamental, mediante el dise\u00f1o, promoci\u00f3n, coordinaci\u00f3n, supervisi\u00f3n y evaluaci\u00f3n<br>de las pol\u00edticas, estrategias y programas anticorrupci\u00f3n, los que deber\u00e1n fomentar la<br>transparencia y las pr\u00e1cticas del buen gobierno.<\/p>\n<\/div>\n\n\n\n<p class=\"has-text-align-center has-text-color has-link-color wp-elements-60fcf35830ac9fdf7289c2dbff6a3b06\" style=\"color:#949699\"><\/p>\n\n\n\n<div class=\"columns\">\n  <div class=\"column\">\n    <h1 class=\"custom-title\">\n      Misi<span class=\"tilde-container\">o<span class=\"tilde\">\u0301<\/span><\/span>n\n    <\/h1>\n    <div class=\"content-box\">\n      <p>\n        <span class=\"letras-gris\">\n          Institucionalizar y promover la pr\u00e1ctica y cultura de la transparencia, la rendici\u00f3n de cuentas, el control interno, \n          las adquisiciones y contrataciones en la administraci\u00f3n central para la prevenci\u00f3n de la corrupci\u00f3n, recuperaci\u00f3n y \n          fortalecimiento del Estado de Derecho, mediante la formulaci\u00f3n, coordinaci\u00f3n de estrategias y programas anticorrupci\u00f3n, \n          as\u00ed como la supervisi\u00f3n de la ejecuci\u00f3n de pol\u00edticas p\u00fablicas de Estado Abierto, agilizaci\u00f3n, simplificaci\u00f3n y optimizaci\u00f3n \n          de procesos gubernamentales, servicios y tr\u00e1mites ciudadanos que conlleven a fortalecer mecanismos de participaci\u00f3n ciudadana \n          para la refundaci\u00f3n del Estado, impulsando las buenas pr\u00e1cticas de gobierno.\n        <\/span>\n      <\/p>\n    <\/div>\n  <\/div>\n\n  <div class=\"column\">\n    <h1 class=\"custom-title\">\n      Visi<span class=\"tilde-container\">o<span class=\"tilde\">\u0301<\/span><\/span>n\n    <\/h1>\n    <div class=\"content-box\">\n      <p>\n        <span class=\"letras-gris\">\n          Ser la instituci\u00f3n l\u00edder del Estado para la prevenci\u00f3n de la corrupci\u00f3n y la gesti\u00f3n para la operatividad permanente de la \n          Modernizaci\u00f3n del Estado, generando un Estado Abierto que garantice la transparencia en las contrataciones y uso de los recursos \n          p\u00fablicos, por medio de las pr\u00e1cticas y cultura del buen gobierno, participaci\u00f3n ciudadana, control interno, rendici\u00f3n de cuentas \n          e innovaci\u00f3n de la calidad.\n        <\/span>\n      <\/p>\n    <\/div>\n  <\/div>\n<\/div>\n\n\n\n<h4 class=\"wp-block-heading has-text-align-center espaciador has-text-color has-link-color wp-elements-742f447083a3f58343bdfbd630c5a473\" id=\"inspiro-is-a-digital-product-agency-that-focuses-on-strategy-and-desig\" style=\"color:#273b7e;font-size:clamp(37.821px, 2.364rem + ((1vw - 3.2px) * 3.352), 70px);font-style:normal;font-weight:300\">Valores<\/h4>\n\n\n\n<div class=\"reusable-content-box-legal\" style=\"background-color: #ffff; padding: 40px 20px 20px 20px; border-radius: 10px;\">\n    <div style=\"display: grid; grid-template-columns: 25px 1fr; row-gap: 10px; align-items: start;\">\n        \n        <div style=\"color: red; font-size: 20px; font-weight: bold; line-height: 1; padding-top: 4px;\">\u2022<\/div>\n        <div style=\"color: #949699; text-align: justify;\">Integridad: Actuar con honestidad, \u00e9tica y responsabilidad en todas nuestras acciones y decisiones, siendo congruente con los principios que se deben observar en los funcionarios y servidores p\u00fablicos, ajustando la conducta para que impere en su desempe\u00f1o una \u00e9tica que responda al inter\u00e9s p\u00fablico y generen certeza plena de su conducta frente a todas las personas con las que se vincule u observen su actuar.<\/div>\n\n        <div style=\"color: red; font-size: 20px; font-weight: bold; line-height: 1; padding-top: 4px;\">\u2022<\/div>\n        <div style=\"color: #949699; text-align: justify;\">Transparencia: Garantizar el acceso a la informaci\u00f3n p\u00fablica y promover la apertura y la claridad en la gesti\u00f3n gubernamental. <\/div>\n\n        <div style=\"color: red; font-size: 20px; font-weight: bold; line-height: 1; padding-top: 4px;\">\u2022<\/div>\n        <div style=\"color: #949699; text-align: justify;\">Compromiso: Estar comprometidos con la misi\u00f3n y visi\u00f3n de la Secretar\u00eda, demostrando dedicaci\u00f3n y determinaci\u00f3n en la lucha contra la corrupci\u00f3n y la promoci\u00f3n de la transparencia, por lo que destacamos por ser funcionarios proactivos, eficientes y perseverantes para cumplir nuestro rol y objetivos propuestos.<\/div>\n\n        <div style=\"color: red; font-size: 20px; font-weight: bold; line-height: 1; padding-top: 4px;\">\u2022<\/div>\n        <div style=\"color: #949699; text-align: justify;\">Responsabilidad: Cumplir con nuestras obligaciones y responder por nuestras acciones ante la sociedad y las instituciones, asumiendo las consecuencias de la conducta p\u00fablica sin excusa de ninguna naturaleza.<\/div>\n\n        <div style=\"color: red; font-size: 20px; font-weight: bold; line-height: 1; padding-top: 4px;\">\u2022<\/div>\n        <div style=\"color: #949699; text-align: justify;\">Excelencia: Buscar la excelencia en la calidad de nuestros servicios y en el cumplimiento de nuestros objetivos, siempre con el objetivo de mejorar continuamente.<\/div>\n\n        <div style=\"color: red; font-size: 20px; font-weight: bold; line-height: 1; padding-top: 4px;\">\u2022<\/div>\n        <div style=\"color: #949699; text-align: justify;\">Colaboraci\u00f3n: Trabajar en equipo como Secretar\u00eda y en conjunto con todos los sectores de la sociedad y del Estado para alcanzar nuestros objetivos comunes en la lucha contra la corrupci\u00f3n.<\/div>\n\n        \n\n    <\/div>\n<\/div>\n\n\n\n<div class=\"columns\">\n  <div class=\"column\">\n    <h1 class=\"custom-title-marco\">\n      Objetivo Estrat<span class=\"tilde-container\">e<span class=\"tildes\">\u0301<\/span><\/span>gico <span class=\"signo-exclamacion\">1<\/span>\n    <\/h1>\n    <div class=\"content-box-objetivo\">\n      <p><span class=\"letras-gris\">Mejorar la capacidad institucional para impulsar la\n       transparencia y prevenci\u00f3n de la corrupci\u00f3n,\n       incrementando las instancias de denuncia\n       ciudadana, el Control Interno, la eficiencia e\n       integridad en las compras y adquisiciones\n       p\u00fablicas.<\/span><\/p>\n    <\/div>\n  <\/div>\n  <div class=\"column\">\n    <h1 class=\"custom-title-marco\">\n      Objetivo Estrat<span class=\"tilde-container\">e<span class=\"tildes\">\u0301<\/span><\/span>gico <span class=\"signo-exclamacion\">2<\/span>\n    <\/h1>\n    <div class=\"content-box-objetivo\">\n      <p><span class=\"letras-gris\">Incrementar la capacidad institucional del sector\n      p\u00fablico para refundar, modernizar, simplificar y\n      hacer eficientes los servicios brindados por las\n      instituciones del Estado a la ciudadan\u00eda.<\/span><\/p>\n    <\/div>\n  <\/div>\n<\/div>\n\n\n\n<div style=\"height:50px\" aria-hidden=\"true\" class=\"wp-block-spacer\"><\/div>\n\n\n\n<h1 class=\"wp-block-heading has-text-align-center titulo-personalizado has-text-color has-large-font-size\" style=\"color:#fffffa; text-transform:none; font-size: 4em !important;\">\n    <mark style=\"background-color:rgba(0, 0, 0, 0);color:#273b7e\" class=\"has-inline-color\">\n        Marco Legal\n    <\/mark>\n<\/h1>\n<!-- L\u00ednea separadora con degradado -->\n<div class=\"separator-line-roja\"><\/div><br>\n\n<div class=\"reusable-content-box-legal\">\n<p class=\"has-text-align-center has-text-color has-link-color\" style=\"color:#949699\">La Secretar\u00eda de Transparencia y Lucha contra la Corrupci\u00f3n (STLCC) encuentra\nsu fundamento en su marco legal, el cual ponemos a su disposici\u00f3n<\/p>\n<\/div>\n\n\n\n<div style=\"height:50px\" aria-hidden=\"true\" class=\"wp-block-spacer\"><\/div>\n\n\n\n<div class=\"wp-block-columns alignwide is-layout-flex wp-container-core-columns-is-layout-28f84493 wp-block-columns-is-layout-flex\">\n<div class=\"wp-block-column is-layout-flow wp-block-column-is-layout-flow\">\n<figure class=\"wp-block-image size-full\"><a href=\"https:\/\/stlcc.gob.hn\/wp-content\/uploads\/2024\/09\/GACETA-REGLAMENTO-DE-ORGANIZACION-INTERNA-STLCC.pdf\" target=\"_blank\" rel=\"noreferrer noopener\"><img loading=\"lazy\" decoding=\"async\" width=\"297\" height=\"199\" src=\"https:\/\/stlcc.gob.hn\/wp-content\/uploads\/2024\/09\/Recurso-13PDF-ICONO.png\" alt=\"\" class=\"wp-image-584\"\/><\/a><\/figure>\n\n\n\n<p class=\"has-black-color has-text-color has-medium-font-size\"><\/p>\n<\/div>\n\n\n\n<div class=\"wp-block-column is-layout-flow wp-block-column-is-layout-flow\">\n<figure class=\"wp-block-image size-full is-resized\"><a href=\"https:\/\/stlcc.gob.hn\/wp-content\/uploads\/2024\/09\/ACUERDO-STLCC-No.-002-SG-2022.pdf\" target=\"_blank\" rel=\"noreferrer noopener\"><img loading=\"lazy\" decoding=\"async\" width=\"297\" height=\"199\" src=\"https:\/\/stlcc.gob.hn\/wp-content\/uploads\/2024\/09\/Recurso-14PDF-ICONO.png\" alt=\"\" class=\"wp-image-585\" style=\"width:281px;height:auto\"\/><\/a><\/figure>\n\n\n\n<p class=\"has-black-color has-text-color has-medium-font-size\"><\/p>\n<\/div>\n\n\n\n<div class=\"wp-block-column is-layout-flow wp-block-column-is-layout-flow\">\n<figure class=\"wp-block-image size-full\"><a href=\"https:\/\/stlcc.gob.hn\/wp-content\/uploads\/2024\/09\/PCM-23-2023.pdf\" target=\"_blank\" rel=\"noreferrer noopener\"><img loading=\"lazy\" decoding=\"async\" width=\"297\" height=\"199\" src=\"https:\/\/stlcc.gob.hn\/wp-content\/uploads\/2024\/09\/Recurso-15PDF-ICONO.png\" alt=\"\" class=\"wp-image-586\"\/><\/a><\/figure>\n\n\n\n<p class=\"has-black-color has-text-color has-medium-font-size\"><\/p>\n<\/div>\n\n\n\n<div class=\"wp-block-column is-layout-flow wp-block-column-is-layout-flow\">\n<figure class=\"wp-block-image size-full\"><a href=\"https:\/\/stlcc.gob.hn\/wp-content\/uploads\/2024\/09\/PCM-05-2022.pdf\" target=\"_blank\" rel=\"noreferrer noopener\"><img loading=\"lazy\" decoding=\"async\" width=\"297\" height=\"199\" src=\"https:\/\/stlcc.gob.hn\/wp-content\/uploads\/2024\/09\/Recurso-16PDF-ICONO.png\" alt=\"\" class=\"wp-image-587\"\/><\/a><\/figure>\n\n\n\n<p class=\"has-black-color has-text-color has-medium-font-size\"><\/p>\n<\/div>\n<\/div>\n\n\n\n<div style=\"height:70px\" aria-hidden=\"true\" class=\"wp-block-spacer\"><\/div>\n\n\n\n<h1 class=\"wp-block-heading has-text-align-center titulo-personalizado has-text-color has-large-font-size\" style=\"color:#fffffa; text-transform:none; font-size: 4em !important;\">\n    <mark style=\"background-color:rgba(0, 0, 0, 0);color:#273b7e\" class=\"has-inline-color\">\n        Funciones\n    <\/mark>\n<\/h1>\n<!-- L\u00ednea separadora con degradado -->\n<div class=\"separator-line-roja2\"><\/div><br>\n\n<div class=\"reusable-content-box-legal\">\n<p class=\"has-text-align-center has-text-color has-link-color\" style=\"color:#949699\">Formulaci\u00f3n de pol\u00edticas p\u00fablicas, estrategias y buenas pr\u00e1cticas en materia de transparencia, anticorrupci\u00f3n, control interno buen gobierno, modernizaci\u00f3n, compras y contrataciones del Estado; debiendo coordinar su implementaci\u00f3n y monitoreo.<br><br>\n\nLas funciones de la STLCC se rigen bajo su Reglamento de Organizaci\u00f3n Interna aprobado bajo Acuerdo STLCC No. 002-SG-2022 publicado en el Diario Oficial de la Rep\u00fablica de Honduras \u201cLa Gaceta\u201d en fecha 19 de enero de 2023:<\/p>\n<\/div>\n\n\n\n<div style=\"height:var(--wp--preset--spacing--x-small)\" aria-hidden=\"true\" class=\"wp-block-spacer\"><\/div>\n\n\n\n<div class=\"wp-block-columns alignwide are-vertically-aligned-center is-layout-flex wp-container-core-columns-is-layout-28f84493 wp-block-columns-is-layout-flex\">\n<div class=\"wp-block-column is-vertically-aligned-center is-layout-flow wp-block-column-is-layout-flow\">\n<figure class=\"wp-block-image aligncenter size-full texto-justificado\"><a href=\"https:\/\/stlcc.gob.hn\/wp-content\/uploads\/2024\/09\/FUNCIONES-STLCC.pdf\" target=\"_blank\" rel=\"noreferrer noopener\"><img loading=\"lazy\" decoding=\"async\" width=\"679\" height=\"158\" src=\"https:\/\/stlcc.gob.hn\/wp-content\/uploads\/2024\/09\/Recurso-19FUNCIONES-DE-LA-STLCC.png\" alt=\"\" class=\"wp-image-1215\" srcset=\"https:\/\/stlcc.gob.hn\/wp-content\/uploads\/2024\/09\/Recurso-19FUNCIONES-DE-LA-STLCC.png 679w, https:\/\/stlcc.gob.hn\/wp-content\/uploads\/2024\/09\/Recurso-19FUNCIONES-DE-LA-STLCC-300x70.png 300w\" sizes=\"auto, (max-width: 679px) 100vw, 679px\" \/><\/a><\/figure>\n<\/div>\n<\/div>\n\n\n\n<div style=\"height:100px\" aria-hidden=\"true\" class=\"wp-block-spacer\"><\/div>\n\n\n\n<h1 class=\"wp-block-heading has-text-align-center titulo-personalizado has-text-color has-large-font-size\" style=\"color:#fffffa; text-transform:none; font-size: 4em !important;\">\n    <mark style=\"background-color:rgba(0, 0, 0, 0);color:#273b7e\" class=\"has-inline-color\">\n        Estructura Org\u00e1nica\n    <\/mark>\n<\/h1>\n<!-- L\u00ednea separadora con degradado -->\n<div class=\"separator-line-roja3\"><\/div><br>\n\n\n\n<figure class=\"wp-block-image aligncenter size-full\"><img loading=\"lazy\" decoding=\"async\" width=\"1650\" height=\"1268\" src=\"https:\/\/stlcc.gob.hn\/wp-content\/uploads\/2025\/10\/ORGANIGRAMA-INSTITUCIONAL-AGOSTO_page-0001.jpg\" alt=\"\" class=\"wp-image-9594\" srcset=\"https:\/\/stlcc.gob.hn\/wp-content\/uploads\/2025\/10\/ORGANIGRAMA-INSTITUCIONAL-AGOSTO_page-0001.jpg 1650w, https:\/\/stlcc.gob.hn\/wp-content\/uploads\/2025\/10\/ORGANIGRAMA-INSTITUCIONAL-AGOSTO_page-0001-300x231.jpg 300w, https:\/\/stlcc.gob.hn\/wp-content\/uploads\/2025\/10\/ORGANIGRAMA-INSTITUCIONAL-AGOSTO_page-0001-1024x787.jpg 1024w\" sizes=\"auto, (max-width: 1650px) 100vw, 1650px\" \/><\/figure>\n\n\n\n<p class=\"has-text-align-center boton-content-box boton-contacto\">\n  <a href=\"https:\/\/stlcc.gob.hn\/wp-content\/uploads\/2025\/10\/ORGANIGRAMA-INSTITUCIONAL-AGOSTO_page-0001.jpg\" download=\"Organigrama.png\">\n    <strong>\n      <span class=\"ontacto\">\n        Descargar\n      <\/span>\n    <\/strong>\n  <\/a>\n<\/p>\n\n\n\n<div style=\"height:100px\" aria-hidden=\"true\" class=\"wp-block-spacer\"><\/div>\n\n\n\n<figure class=\"wp-block-image aligncenter size-full is-resized texto-justificado\"><a href=\"https:\/\/stlcc.gob.hn\/wp-content\/uploads\/2025\/08\/NOTA-ACLARATORIA-PUBLICACION-DE-PLAZAS-sep-2025_0001.pdf\" target=\"_blank\" rel=\"noreferrer noopener\"><img loading=\"lazy\" decoding=\"async\" width=\"975\" height=\"334\" src=\"https:\/\/stlcc.gob.hn\/wp-content\/uploads\/2024\/09\/Recurso-17PDF-ICONO.png\" alt=\"\" class=\"wp-image-1219\" style=\"object-fit:cover;width:555px;height:auto\" srcset=\"https:\/\/stlcc.gob.hn\/wp-content\/uploads\/2024\/09\/Recurso-17PDF-ICONO.png 975w, https:\/\/stlcc.gob.hn\/wp-content\/uploads\/2024\/09\/Recurso-17PDF-ICONO-300x103.png 300w\" sizes=\"auto, (max-width: 975px) 100vw, 975px\" \/><\/a><\/figure>\n\n\n\n<div style=\"height:100px\" aria-hidden=\"true\" class=\"wp-block-spacer\"><\/div>\n<\/div><\/div>\n","protected":false},"excerpt":{"rendered":"","protected":false},"author":1,"featured_media":0,"parent":0,"menu_order":0,"comment_status":"closed","ping_status":"closed","template":"","meta":{"_bbp_topic_count":0,"_bbp_reply_count":0,"_bbp_total_topic_count":0,"_bbp_total_reply_count":0,"_bbp_voice_count":0,"_bbp_anonymous_reply_count":0,"_bbp_topic_count_hidden":0,"_bbp_reply_count_hidden":0,"_bbp_forum_subforum_count":0,"footnotes":""},"class_list":["post-30","page","type-page","status-publish","hentry"],"_links":{"self":[{"href":"https:\/\/stlcc.gob.hn\/index.php?rest_route=\/wp\/v2\/pages\/30","targetHints":{"allow":["GET"]}}],"collection":[{"href":"https:\/\/stlcc.gob.hn\/index.php?rest_route=\/wp\/v2\/pages"}],"about":[{"href":"https:\/\/stlcc.gob.hn\/index.php?rest_route=\/wp\/v2\/types\/page"}],"author":[{"embeddable":true,"href":"https:\/\/stlcc.gob.hn\/index.php?rest_route=\/wp\/v2\/users\/1"}],"replies":[{"embeddable":true,"href":"https:\/\/stlcc.gob.hn\/index.php?rest_route=%2Fwp%2Fv2%2Fcomments&post=30"}],"version-history":[{"count":148,"href":"https:\/\/stlcc.gob.hn\/index.php?rest_route=\/wp\/v2\/pages\/30\/revisions"}],"predecessor-version":[{"id":9807,"href":"https:\/\/stlcc.gob.hn\/index.php?rest_route=\/wp\/v2\/pages\/30\/revisions\/9807"}],"wp:attachment":[{"href":"https:\/\/stlcc.gob.hn\/index.php?rest_route=%2Fwp%2Fv2%2Fmedia&parent=30"}],"curies":[{"name":"wp","href":"https:\/\/api.w.org\/{rel}","templated":true}]}}